{"id":11372,"date":"2022-01-03T10:43:58","date_gmt":"2022-01-03T09:43:58","guid":{"rendered":"https:\/\/colegiosscc.es\/?page_id=11372"},"modified":"2022-02-28T10:52:26","modified_gmt":"2022-02-28T09:52:26","slug":"pjv","status":"publish","type":"page","link":"https:\/\/colegiosscc.es\/en\/pjv\/","title":{"rendered":"Vocational Youth Ministry"},"content":{"rendered":"<div class=\"wpb-content-wrapper\"><p>[vc_row full_width=&#8221;stretch_row&#8221; css=&#8221;.vc_custom_1641207778441{margin-top: -40px !important;margin-bottom: 30px !important;padding-top: 40px !important;padding-bottom: 80px !important;background-color: #f3f3f3 !important;}&#8221; woodmart_css_id=&#8221;61d2d7db82bb4&#8243; responsive_spacing=&#8221;eyJwYXJhbV90eXBlIjoid29vZG1hcnRfcmVzcG9uc2l2ZV9zcGFjaW5nIiwic2VsZWN0b3JfaWQiOiI2MWQyZDdkYjgyYmI0Iiwic2hvcnRjb2RlIjoidmNfcm93IiwiZGF0YSI6eyJ0YWJsZXQiOnt9LCJtb2JpbGUiOnt9fX0=&#8221; mobile_bg_img_hidden=&#8221;no&#8221; tablet_bg_img_hidden=&#8221;no&#8221; woodmart_parallax=&#8221;0&#8243; woodmart_gradient_switch=&#8221;no&#8221; woodmart_box_shadow=&#8221;no&#8221; wd_z_index=&#8221;no&#8221; woodmart_disable_overflow=&#8221;0&#8243; row_reverse_mobile=&#8221;0&#8243; row_reverse_tablet=&#8221;0&#8243;][vc_column width=&#8221;1\/6&#8243;]\t\t<div id=\"wd-61f276a00d691\" class=\"wd-image wd-wpb wd-rs-61f276a00d691 text-right \">\n\t\t\t\n\t\t\t<img loading=\"lazy\" decoding=\"async\" width=\"75\" height=\"65\" src=\"https:\/\/colegiosscc.es\/en\/wp-content\/uploads\/2021\/12\/objeto-inteligente-vectorial@2x-15-75x65.png\" class=\"attachment-75x65 size-75x65\" alt=\"\" \/>\n\t\t\t\t\t<\/div>\n\t\t[\/vc_column][vc_column width=&#8221;5\/6&#8243;]\n\t\t<div id=\"wd-62161e6e3e52c\" class=\"title-wrapper wd-wpb wd-set-mb reset-last-child  wd-rs-62161e6e3e52c wd-title-color-default wd-title-style-default text-left  wd-width-enabled wd-underline-colored\" style=\"--wd-max-width: 90%;\">\n\t\t\t\n\t\t\t<div class=\"liner-continer\">\n\t\t\t\t<h4 class=\"woodmart-title-container title  wd-font-weight-600 wd-fontsize-l\" >La Pastoral del Colegio Sagrados Corazones est\u00e1 en conexi\u00f3n con la Pastoral de los otros colegios y parroquias de la Congregaci\u00f3n de los Sagrados Corazones. En su conjunto forman la Pastoral Juvenil y Vocacional.<\/h4>\n\t\t\t\t\t\t\t<\/div>\n\t\t\t\n\t\t\t\t\t\t\t<div class=\"title-after_title reset-last-child  wd-fontsize-xs\">What is the Vocational Youth Ministry?<\/div>\n\t\t\t\n\t\t\t\n\t\t<\/div>\n\t\t\n\t\t[\/vc_column][vc_column][vc_row_inner css=&#8221;.vc_custom_1641205034673{border-radius: 15px !important;}&#8221; woodmart_css_id=&#8221;61d2cd265ecba&#8221; responsive_spacing=&#8221;eyJwYXJhbV90eXBlIjoid29vZG1hcnRfcmVzcG9uc2l2ZV9zcGFjaW5nIiwic2VsZWN0b3JfaWQiOiI2MWQyY2QyNjVlY2JhIiwic2hvcnRjb2RlIjoidmNfcm93X2lubmVyIiwiZGF0YSI6eyJ0YWJsZXQiOnt9LCJtb2JpbGUiOnt9fX0=&#8221; mobile_bg_img_hidden=&#8221;no&#8221; tablet_bg_img_hidden=&#8221;no&#8221; woodmart_parallax=&#8221;0&#8243; woodmart_gradient_switch=&#8221;no&#8221; woodmart_box_shadow=&#8221;no&#8221; wd_z_index=&#8221;no&#8221; woodmart_disable_overflow=&#8221;0&#8243; row_reverse_mobile=&#8221;0&#8243; row_reverse_tablet=&#8221;0&#8243;][vc_column_inner width=&#8221;1\/2&#8243; woodmart_css_id=&#8221;61d2cb6b2b068&#8243; parallax_scroll=&#8221;no&#8221; woodmart_sticky_column=&#8221;false&#8221; wd_collapsible_content_switcher=&#8221;no&#8221; mobile_bg_img_hidden=&#8221;no&#8221; tablet_bg_img_hidden=&#8221;no&#8221; woodmart_parallax=&#8221;0&#8243; woodmart_box_shadow=&#8221;no&#8221; wd_z_index=&#8221;no&#8221; responsive_spacing=&#8221;eyJwYXJhbV90eXBlIjoid29vZG1hcnRfcmVzcG9uc2l2ZV9zcGFjaW5nIiwic2VsZWN0b3JfaWQiOiI2MWQyY2I2YjJiMDY4Iiwic2hvcnRjb2RlIjoidmNfY29sdW1uX2lubmVyIiwiZGF0YSI6eyJ0YWJsZXQiOnt9LCJtb2JpbGUiOnt9fX0=&#8221;]\t\t<div id=\"wd-61f9259cdda59\" class=\"wd-image wd-wpb wd-rs-61f9259cdda59 text-left vc_custom_1643718050269 pastoral__proyect--img\">\n\t\t\t\n\t\t\t<img loading=\"lazy\" decoding=\"async\" width=\"1000\" height=\"667\" src=\"https:\/\/colegiosscc.es\/en\/wp-content\/uploads\/2022\/01\/IMG_5366-copia-2-copia.jpg\" class=\"attachment-full size-full\" alt=\"\" srcset=\"https:\/\/colegiosscc.es\/en\/wp-content\/uploads\/sites\/3\/2022\/01\/IMG_5366-copia-2-copia.jpg 1000w, https:\/\/colegiosscc.es\/en\/wp-content\/uploads\/sites\/3\/2022\/01\/IMG_5366-copia-2-copia-400x267.jpg 400w, https:\/\/colegiosscc.es\/en\/wp-content\/uploads\/sites\/3\/2022\/01\/IMG_5366-copia-2-copia-768x512.jpg 768w, https:\/\/colegiosscc.es\/en\/wp-content\/uploads\/sites\/3\/2022\/01\/IMG_5366-copia-2-copia-860x574.jpg 860w, https:\/\/colegiosscc.es\/en\/wp-content\/uploads\/sites\/3\/2022\/01\/IMG_5366-copia-2-copia-430x287.jpg 430w, https:\/\/colegiosscc.es\/en\/wp-content\/uploads\/sites\/3\/2022\/01\/IMG_5366-copia-2-copia-700x467.jpg 700w, https:\/\/colegiosscc.es\/en\/wp-content\/uploads\/sites\/3\/2022\/01\/IMG_5366-copia-2-copia-150x100.jpg 150w\" sizes=\"auto, (max-width: 1000px) 100vw, 1000px\" \/>\n\t\t\t\t\t<\/div>\n\t\t[\/vc_column_inner][vc_column_inner width=&#8221;1\/2&#8243;]\t\t<div id=\"wd-62161e8319a4a\" class=\"wd-text-block wd-wpb reset-last-child wd-rs-62161e8319a4a text-left wd-width-enabled wd-font-weight-400 wd-fontsize-custom font-primary \" style=\"--wd-max-width: 70%;\">\n\t\t\t<p>It is an offer, a proposal, an itinerary, a journey that we provide you with to be able to meet God and other people who have the same concerns and interests as you do. It is a way forward where you can discover who loves us the most and knows us the best: God.<\/p>\n<p>A number of retreats are organised with young people from other schools and parishes of the Congregation as part of this Vocational Youth Ministry.<\/p>\n\t\t<\/div>\n\t\t[\/vc_column_inner][\/vc_row_inner][\/vc_column][\/vc_row][vc_row content_placement=&#8221;middle&#8221; woodmart_css_id=&#8221;61f27757b119c&#8221; responsive_spacing=&#8221;eyJwYXJhbV90eXBlIjoid29vZG1hcnRfcmVzcG9uc2l2ZV9zcGFjaW5nIiwic2VsZWN0b3JfaWQiOiI2MWYyNzc1N2IxMTljIiwic2hvcnRjb2RlIjoidmNfcm93IiwiZGF0YSI6eyJ0YWJsZXQiOnt9LCJtb2JpbGUiOnsicGFkZGluZy1sZWZ0IjoiMCJ9fX0=&#8221; mobile_bg_img_hidden=&#8221;no&#8221; tablet_bg_img_hidden=&#8221;no&#8221; woodmart_parallax=&#8221;0&#8243; woodmart_gradient_switch=&#8221;no&#8221; woodmart_box_shadow=&#8221;no&#8221; wd_z_index=&#8221;no&#8221; woodmart_disable_overflow=&#8221;0&#8243; row_reverse_mobile=&#8221;0&#8243; row_reverse_tablet=&#8221;0&#8243; css=&#8221;.vc_custom_1643280216230{margin-bottom: 30px !important;padding-left: 16% !important;}&#8221;][vc_column woodmart_text_align=&#8221;center&#8221; woodmart_css_id=&#8221;61d2d7a6e4893&#8243; parallax_scroll=&#8221;no&#8221; woodmart_sticky_column=&#8221;false&#8221; wd_collapsible_content_switcher=&#8221;no&#8221; mobile_bg_img_hidden=&#8221;no&#8221; tablet_bg_img_hidden=&#8221;no&#8221; woodmart_parallax=&#8221;0&#8243; woodmart_box_shadow=&#8221;no&#8221; mobile_reset_margin=&#8221;no&#8221; tablet_reset_margin=&#8221;no&#8221; wd_z_index=&#8221;no&#8221; responsive_spacing=&#8221;eyJwYXJhbV90eXBlIjoid29vZG1hcnRfcmVzcG9uc2l2ZV9zcGFjaW5nIiwic2VsZWN0b3JfaWQiOiI2MWQyZDdhNmU0ODkzIiwic2hvcnRjb2RlIjoidmNfY29sdW1uIiwiZGF0YSI6eyJ0YWJsZXQiOnt9LCJtb2JpbGUiOnt9fX0=&#8221;]\t\t<div id=\"wd-62161ec8956ce\" class=\"wd-text-block wd-wpb reset-last-child wd-rs-62161ec8956ce text-left wd-width-enabled wd-font-weight-500 wd-fontsize-custom font-primary \" style=\"--wd-max-width: 80%;\">\n\t\t\t<p>There are two types of retreats (weekend in the winter and a whole week in the summer) and in two possible places where the Congregation has a house set up for these activities (Jerez de la Frontera and El Escorial).<\/p>\n\t\t<\/div>\n\t\t[\/vc_column][\/vc_row][vc_row css=&#8221;.vc_custom_1643280211363{padding-left: 16% !important;}&#8221; woodmart_css_id=&#8221;61f2774fd04d3&#8243; responsive_spacing=&#8221;eyJwYXJhbV90eXBlIjoid29vZG1hcnRfcmVzcG9uc2l2ZV9zcGFjaW5nIiwic2VsZWN0b3JfaWQiOiI2MWYyNzc0ZmQwNGQzIiwic2hvcnRjb2RlIjoidmNfcm93IiwiZGF0YSI6eyJ0YWJsZXQiOnt9LCJtb2JpbGUiOnsicGFkZGluZy1sZWZ0IjoiMCJ9fX0=&#8221; mobile_bg_img_hidden=&#8221;no&#8221; tablet_bg_img_hidden=&#8221;no&#8221; woodmart_parallax=&#8221;0&#8243; woodmart_gradient_switch=&#8221;no&#8221; woodmart_box_shadow=&#8221;no&#8221; wd_z_index=&#8221;no&#8221; woodmart_disable_overflow=&#8221;0&#8243; row_reverse_mobile=&#8221;0&#8243; row_reverse_tablet=&#8221;0&#8243;][vc_column]\t\t\t<div class=\"info-box-wrapper\">\n\t\t\t\t<div id=\"wd-62161ed87d876\" class=\" wd-rs-62161ed87d876 wd-info-box wd-wpb text-left box-icon-align-left box-style- color-scheme- wd-bg-none wd-items-top open__list--one \">\n\t\t\t\t\t\t\t\t\t\t\t<div class=\"box-icon-wrapper  box-with-text text-size-small box-icon-with-bg\">\n\t\t\t\t\t\t\t<div class=\"info-box-icon\">\n\n\t\t\t\t\t\t\t\t\t\t\t\t\t\t\t+\t\t\t\t\t\t\t\n\t\t\t\t\t\t\t<\/div>\n\t\t\t\t\t\t<\/div>\n\t\t\t\t\t\t\t\t\t\t<div class=\"info-box-content\">\n\t\t\t\t\t\t\t\t\t\t\t\t<div class=\"info-box-inner reset-last-child\"><p><strong>Winter<\/strong> retreats:<\/p>\n<\/div>\n\n\t\t\t\t\t\t\t\t\t\t\t<\/div>\n\n\t\t\t\t\t\n\t\t\t\t\t<style>#wd-62161ed87d876 .info-box-icon {border-color:  !important;}<\/style>\t\t\t\t<\/div>\n\t\t\t<\/div>\n\t\t\n\t\t<ul class=\" wd-rs-62161ee4df435 wd-list wd-wpb color-scheme- wd-fontsize-xs wd-type-icon wd-style-default text-left list__one vc_custom_1645616902981\" id=\"wd-62161ee4df435\">\n\t\t\t\t\t\t\t\t\t\t\t<li>\n\t\t\t\t\t<span class=\"wd-icon list-icon fas fa-dot-circle\"><\/span>\n\t\t\t\t\t<span class=\"wd-list-content list-content\">Contemplate (4th year of Compulsory Secondary Education)<\/span>\n\t\t\t\t\t\t\t\t\t<\/li>\n\t\t\t\t\t\t\t\t\t\t\t<li>\n\t\t\t\t\t<span class=\"wd-icon list-icon fas fa-dot-circle\"><\/span>\n\t\t\t\t\t<span class=\"wd-list-content list-content\">Live (1st year of Higher Secondary Education)<\/span>\n\t\t\t\t\t\t\t\t\t<\/li>\n\t\t\t\t\t\t\t\t\t\t\t<li>\n\t\t\t\t\t<span class=\"wd-icon list-icon fas fa-dot-circle\"><\/span>\n\t\t\t\t\t<span class=\"wd-list-content list-content\">Proclaim (2nd year of Higher Secondary Education)<\/span>\n\t\t\t\t\t\t\t\t\t<\/li>\n\t\t\t\t\t<\/ul>\n\t\t[\/vc_column][\/vc_row][vc_row css=&#8221;.vc_custom_1643280223999{margin-bottom: 48px !important;padding-left: 16% !important;}&#8221; woodmart_css_id=&#8221;61f2775c120bc&#8221; responsive_spacing=&#8221;eyJwYXJhbV90eXBlIjoid29vZG1hcnRfcmVzcG9uc2l2ZV9zcGFjaW5nIiwic2VsZWN0b3JfaWQiOiI2MWYyNzc1YzEyMGJjIiwic2hvcnRjb2RlIjoidmNfcm93IiwiZGF0YSI6eyJ0YWJsZXQiOnt9LCJtb2JpbGUiOnsicGFkZGluZy1sZWZ0IjoiMCJ9fX0=&#8221; mobile_bg_img_hidden=&#8221;no&#8221; tablet_bg_img_hidden=&#8221;no&#8221; woodmart_parallax=&#8221;0&#8243; woodmart_gradient_switch=&#8221;no&#8221; woodmart_box_shadow=&#8221;no&#8221; wd_z_index=&#8221;no&#8221; woodmart_disable_overflow=&#8221;0&#8243; row_reverse_mobile=&#8221;0&#8243; row_reverse_tablet=&#8221;0&#8243;][vc_column]\t\t\t<div class=\"info-box-wrapper\">\n\t\t\t\t<div id=\"wd-62161f09d8116\" class=\" wd-rs-62161f09d8116 wd-info-box wd-wpb text-left box-icon-align-left box-style- color-scheme- wd-bg-none wd-items-top open__list--two \">\n\t\t\t\t\t\t\t\t\t\t\t<div class=\"box-icon-wrapper  box-with-text text-size-small box-icon-with-bg\">\n\t\t\t\t\t\t\t<div class=\"info-box-icon\">\n\n\t\t\t\t\t\t\t\t\t\t\t\t\t\t\t+\t\t\t\t\t\t\t\n\t\t\t\t\t\t\t<\/div>\n\t\t\t\t\t\t<\/div>\n\t\t\t\t\t\t\t\t\t\t<div class=\"info-box-content\">\n\t\t\t\t\t\t\t\t\t\t\t\t<div class=\"info-box-inner reset-last-child\"><p><strong>Summer<\/strong> Retreats:<\/p>\n<\/div>\n\n\t\t\t\t\t\t\t\t\t\t\t<\/div>\n\n\t\t\t\t\t\n\t\t\t\t\t<style>#wd-62161f09d8116 .info-box-icon {border-color:  !important;}<\/style>\t\t\t\t<\/div>\n\t\t\t<\/div>\n\t\t\n\t\t<ul class=\" wd-rs-62161f197fc24 wd-list wd-wpb color-scheme- wd-fontsize-xs wd-type-icon wd-style-default text-left list__two vc_custom_1645616962583\" id=\"wd-62161f197fc24\">\n\t\t\t\t\t\t\t\t\t\t\t<li>\n\t\t\t\t\t<span class=\"wd-icon list-icon fas fa-dot-circle\"><\/span>\n\t\t\t\t\t<span class=\"wd-list-content list-content\">Bridges and Walls (3rd year of Compulsory Secondary Education)<\/span>\n\t\t\t\t\t\t\t\t\t<\/li>\n\t\t\t\t\t\t\t\t\t\t\t<li>\n\t\t\t\t\t<span class=\"wd-icon list-icon fas fa-dot-circle\"><\/span>\n\t\t\t\t\t<span class=\"wd-list-content list-content\">The Wells (4th year of Compulsory Secondary Education)<\/span>\n\t\t\t\t\t\t\t\t\t<\/li>\n\t\t\t\t\t\t\t\t\t\t\t<li>\n\t\t\t\t\t<span class=\"wd-icon list-icon fas fa-dot-circle\"><\/span>\n\t\t\t\t\t<span class=\"wd-list-content list-content\">A place in the World (1st year of Higher Secondary Education)<\/span>\n\t\t\t\t\t\t\t\t\t<\/li>\n\t\t\t\t\t\t\t\t\t\t\t<li>\n\t\t\t\t\t<span class=\"wd-icon list-icon fas fa-dot-circle\"><\/span>\n\t\t\t\t\t<span class=\"wd-list-content list-content\">Discipleship (2nd year of Higher Secondary Education)<\/span>\n\t\t\t\t\t\t\t\t\t<\/li>\n\t\t\t\t\t<\/ul>\n\t\t[\/vc_column][\/vc_row]<\/p>\n<\/div>","protected":false},"excerpt":{"rendered":"<p>[vc_row full_width=&#8221;stretch_row&#8221; css=&#8221;.vc_custom_1641207778441{margin-top: -40px !important;margin-bottom: 30px !important;padding-top: 40px !important;padding-bottom: 80px !important;background-color: #f3f3f3 !important;}&#8221; woodmart_css_id=&#8221;61d2d7db82bb4&#8243; responsive_spacing=&#8221;eyJwYXJhbV90eXBlIjoid29vZG1hcnRfcmVzcG9uc2l2ZV9zcGFjaW5nIiwic2VsZWN0b3JfaWQiOiI2MWQyZDdkYjgyYmI0Iiwic2hvcnRjb2RlIjoidmNfcm93IiwiZGF0YSI6eyJ0YWJsZXQiOnt9LCJtb2JpbGUiOnt9fX0=&#8221; mobile_bg_img_hidden=&#8221;no&#8221; tablet_bg_img_hidden=&#8221;no&#8221; woodmart_parallax=&#8221;0&#8243; woodmart_gradient_switch=&#8221;no&#8221; woodmart_box_shadow=&#8221;no&#8221;<\/p>\n","protected":false},"author":1,"featured_media":0,"parent":0,"menu_order":0,"comment_status":"closed","ping_status":"closed","template":"","meta":{"footnotes":""},"class_list":["post-11372","page","type-page","status-publish","hentry"],"yoast_head":"<!-- This site is optimized with the Yoast SEO plugin v24.4 - https:\/\/yoast.com\/wordpress\/plugins\/seo\/ -->\n<title>Vocational Youth Ministry - Colegio Sagrados Corazones<\/title>\n<meta name=\"robots\" content=\"index, follow, max-snippet:-1, max-image-preview:large, max-video-preview:-1\" \/>\n<link rel=\"canonical\" href=\"https:\/\/colegiosscc.es\/en\/pjv\/\" \/>\n<meta property=\"og:locale\" content=\"en_GB\" \/>\n<meta property=\"og:type\" content=\"article\" \/>\n<meta property=\"og:title\" content=\"Vocational Youth Ministry - Colegio Sagrados Corazones\" \/>\n<meta property=\"og:description\" content=\"[vc_row full_width=&#8221;stretch_row&#8221; css=&#8221;.vc_custom_1641207778441{margin-top: -40px !important;margin-bottom: 30px !important;padding-top: 40px !important;padding-bottom: 80px !important;background-color: #f3f3f3 !important;}&#8221; woodmart_css_id=&#8221;61d2d7db82bb4&#8243; responsive_spacing=&#8221;eyJwYXJhbV90eXBlIjoid29vZG1hcnRfcmVzcG9uc2l2ZV9zcGFjaW5nIiwic2VsZWN0b3JfaWQiOiI2MWQyZDdkYjgyYmI0Iiwic2hvcnRjb2RlIjoidmNfcm93IiwiZGF0YSI6eyJ0YWJsZXQiOnt9LCJtb2JpbGUiOnt9fX0=&#8221; mobile_bg_img_hidden=&#8221;no&#8221; tablet_bg_img_hidden=&#8221;no&#8221; woodmart_parallax=&#8221;0&#8243; woodmart_gradient_switch=&#8221;no&#8221; woodmart_box_shadow=&#8221;no&#8221;\" \/>\n<meta property=\"og:url\" content=\"https:\/\/colegiosscc.es\/en\/pjv\/\" \/>\n<meta property=\"og:site_name\" content=\"Colegio Sagrados Corazones\" \/>\n<meta property=\"article:modified_time\" content=\"2022-02-28T09:52:26+00:00\" \/>\n<meta name=\"twitter:card\" content=\"summary_large_image\" \/>\n<meta name=\"twitter:label1\" content=\"Estimated reading time\" \/>\n\t<meta name=\"twitter:data1\" content=\"2 minutes\" \/>\n<script type=\"application\/ld+json\" class=\"yoast-schema-graph\">{\"@context\":\"https:\/\/schema.org\",\"@graph\":[{\"@type\":\"WebPage\",\"@id\":\"https:\/\/colegiosscc.es\/en\/pjv\/\",\"url\":\"https:\/\/colegiosscc.es\/en\/pjv\/\",\"name\":\"Vocational Youth Ministry - Colegio Sagrados Corazones\",\"isPartOf\":{\"@id\":\"https:\/\/colegiosscc.es\/en\/#website\"},\"datePublished\":\"2022-01-03T09:43:58+00:00\",\"dateModified\":\"2022-02-28T09:52:26+00:00\",\"breadcrumb\":{\"@id\":\"https:\/\/colegiosscc.es\/en\/pjv\/#breadcrumb\"},\"inLanguage\":\"en-GB\",\"potentialAction\":[{\"@type\":\"ReadAction\",\"target\":[\"https:\/\/colegiosscc.es\/en\/pjv\/\"]}]},{\"@type\":\"BreadcrumbList\",\"@id\":\"https:\/\/colegiosscc.es\/en\/pjv\/#breadcrumb\",\"itemListElement\":[{\"@type\":\"ListItem\",\"position\":1,\"name\":\"Home\",\"item\":\"https:\/\/colegiosscc.es\/en\/\"},{\"@type\":\"ListItem\",\"position\":2,\"name\":\"Vocational Youth Ministry\"}]},{\"@type\":\"WebSite\",\"@id\":\"https:\/\/colegiosscc.es\/en\/#website\",\"url\":\"https:\/\/colegiosscc.es\/en\/\",\"name\":\"Colegio Sagrados Corazones\",\"description\":\"en\",\"potentialAction\":[{\"@type\":\"SearchAction\",\"target\":{\"@type\":\"EntryPoint\",\"urlTemplate\":\"https:\/\/colegiosscc.es\/en\/?s={search_term_string}\"},\"query-input\":{\"@type\":\"PropertyValueSpecification\",\"valueRequired\":true,\"valueName\":\"search_term_string\"}}],\"inLanguage\":\"en-GB\"}]}<\/script>\n<!-- \/ Yoast SEO plugin. -->","yoast_head_json":{"title":"Vocational Youth Ministry - Colegio Sagrados Corazones","robots":{"index":"index","follow":"follow","max-snippet":"max-snippet:-1","max-image-preview":"max-image-preview:large","max-video-preview":"max-video-preview:-1"},"canonical":"https:\/\/colegiosscc.es\/en\/pjv\/","og_locale":"en_GB","og_type":"article","og_title":"Vocational Youth Ministry - Colegio Sagrados Corazones","og_description":"[vc_row full_width=&#8221;stretch_row&#8221; css=&#8221;.vc_custom_1641207778441{margin-top: -40px !important;margin-bottom: 30px !important;padding-top: 40px !important;padding-bottom: 80px !important;background-color: #f3f3f3 !important;}&#8221; woodmart_css_id=&#8221;61d2d7db82bb4&#8243; responsive_spacing=&#8221;eyJwYXJhbV90eXBlIjoid29vZG1hcnRfcmVzcG9uc2l2ZV9zcGFjaW5nIiwic2VsZWN0b3JfaWQiOiI2MWQyZDdkYjgyYmI0Iiwic2hvcnRjb2RlIjoidmNfcm93IiwiZGF0YSI6eyJ0YWJsZXQiOnt9LCJtb2JpbGUiOnt9fX0=&#8221; mobile_bg_img_hidden=&#8221;no&#8221; tablet_bg_img_hidden=&#8221;no&#8221; woodmart_parallax=&#8221;0&#8243; woodmart_gradient_switch=&#8221;no&#8221; woodmart_box_shadow=&#8221;no&#8221;","og_url":"https:\/\/colegiosscc.es\/en\/pjv\/","og_site_name":"Colegio Sagrados Corazones","article_modified_time":"2022-02-28T09:52:26+00:00","twitter_card":"summary_large_image","twitter_misc":{"Estimated reading time":"2 minutes"},"schema":{"@context":"https:\/\/schema.org","@graph":[{"@type":"WebPage","@id":"https:\/\/colegiosscc.es\/en\/pjv\/","url":"https:\/\/colegiosscc.es\/en\/pjv\/","name":"Vocational Youth Ministry - Colegio Sagrados Corazones","isPartOf":{"@id":"https:\/\/colegiosscc.es\/en\/#website"},"datePublished":"2022-01-03T09:43:58+00:00","dateModified":"2022-02-28T09:52:26+00:00","breadcrumb":{"@id":"https:\/\/colegiosscc.es\/en\/pjv\/#breadcrumb"},"inLanguage":"en-GB","potentialAction":[{"@type":"ReadAction","target":["https:\/\/colegiosscc.es\/en\/pjv\/"]}]},{"@type":"BreadcrumbList","@id":"https:\/\/colegiosscc.es\/en\/pjv\/#breadcrumb","itemListElement":[{"@type":"ListItem","position":1,"name":"Home","item":"https:\/\/colegiosscc.es\/en\/"},{"@type":"ListItem","position":2,"name":"Vocational Youth Ministry"}]},{"@type":"WebSite","@id":"https:\/\/colegiosscc.es\/en\/#website","url":"https:\/\/colegiosscc.es\/en\/","name":"Colegio Sagrados Corazones","description":"en","potentialAction":[{"@type":"SearchAction","target":{"@type":"EntryPoint","urlTemplate":"https:\/\/colegiosscc.es\/en\/?s={search_term_string}"},"query-input":{"@type":"PropertyValueSpecification","valueRequired":true,"valueName":"search_term_string"}}],"inLanguage":"en-GB"}]}},"_links":{"self":[{"href":"https:\/\/colegiosscc.es\/en\/wp-json\/wp\/v2\/pages\/11372","targetHints":{"allow":["GET"]}}],"collection":[{"href":"https:\/\/colegiosscc.es\/en\/wp-json\/wp\/v2\/pages"}],"about":[{"href":"https:\/\/colegiosscc.es\/en\/wp-json\/wp\/v2\/types\/page"}],"author":[{"embeddable":true,"href":"https:\/\/colegiosscc.es\/en\/wp-json\/wp\/v2\/users\/1"}],"replies":[{"embeddable":true,"href":"https:\/\/colegiosscc.es\/en\/wp-json\/wp\/v2\/comments?post=11372"}],"version-history":[{"count":43,"href":"https:\/\/colegiosscc.es\/en\/wp-json\/wp\/v2\/pages\/11372\/revisions"}],"predecessor-version":[{"id":13312,"href":"https:\/\/colegiosscc.es\/en\/wp-json\/wp\/v2\/pages\/11372\/revisions\/13312"}],"wp:attachment":[{"href":"https:\/\/colegiosscc.es\/en\/wp-json\/wp\/v2\/media?parent=11372"}],"curies":[{"name":"wp","href":"https:\/\/api.w.org\/{rel}","templated":true}]}}